{"id":1515,"date":"2021-10-04T12:49:54","date_gmt":"2021-10-04T12:49:54","guid":{"rendered":"https:\/\/desarrollo1.mibbo.es\/biografias\/bio-es-vines-masip-gonzalo-1883-1936\/"},"modified":"2021-10-04T12:49:54","modified_gmt":"2021-10-04T12:49:54","slug":"bio-es-vines-masip-gonzalo-1883-1936","status":"publish","type":"biografias","link":"https:\/\/biblioteca.xativa.es\/es\/biografies\/bio-es-vines-masip-gonzalo-1883-1936\/","title":{"rendered":"VI\u00d1ES MASIP, Gonzalo (1883-1936)"},"content":{"rendered":"<p>Moss\u00e9n Gonzalo Vi\u00f1es naci\u00f3 en nuestra ciudad en 1883. Estudi\u00f3 el bachillerato en el Colegio Setabense, donde a\u00f1os m\u00e1s tarde ser\u00e1 profesor. Realiz\u00f3 los estudios eclesi\u00e1sticos en el Seminario Diocesano de Val\u00e8ncia, orden\u00e1ndose sacerdote en 1906. Su labor religiosa y pastoral la realiz\u00f3 \u00edntegramente en la Seo, donde ejerci\u00f3 los cargos de coadjutor, beneficiado y can\u00f3nigo con cargo de archivero, y a trav\u00e9s de una activa acci\u00f3n social, organizando y presidiendo diversas asociaciones cat\u00f3licas. Persona de gran formaci\u00f3n e inquietudes, perteneci\u00f3 a diversas instituciones de car\u00e1cter cient\u00edfico y cultural, de entre las cuales debemos destacar: la Sociedad Aragonesa de Ciencias Naturales, el Centro de Cultura Valenciana o el Servicio de Investigaci\u00f3n Prehist\u00f3rica de la Diputaci\u00f3n de Val\u00e8ncia. En 1917 fue nombrado cronista oficial de la ciudad. Particip\u00f3 en la creaci\u00f3n de nuestro Museo Municipal (aport\u00f3 el ara romana con inscripci\u00f3n latina del obispo visigodo Atanasio, encontrada en las excavaciones de Sant Feliu, y el retablo del Salvador, procedente de la ermita g\u00f3tica de las Santas. Tambi\u00e9n, gracias a su intervenci\u00f3n fue trasladada la cruz g\u00f3tica del camino de Val\u00e8ncia al Museo). Tuvo gran inter\u00e9s por la arqueolog\u00eda y particip\u00f3 en las excavaciones de La Bastida de les Alcuses (Moixent), la Cova del Parpall\u00f3 (Gandia) y la Cova Negra (campa\u00f1as de 1923 y 1933), entre otras. Fruto de esta actividad fue su relaci\u00f3n con arque\u00f3logos y eruditos de la talla de Fletcher, Ballester, Breuil, Pericot, el marqu\u00e9s de Lozoya, etc. Public\u00f3 tres libros: Hidrograf\u00eda setabense, La patrona de J\u00e1tiva y Datos sobre las excavaciones de Cova Negra. Fue director del semanario cat\u00f3lico El Obrero Setabense, escribiendo desde \u00e9l numerosos art\u00edculos de arqueolog\u00eda, de historia y poes\u00edas de una factura muy elegante (gan\u00f3 los Juegos Florales de la Feria de 1934 con la obra El poema de la terreta). Desde las p\u00e1ginas del semanario se difundieron tambi\u00e9n actos en favor del Estatuto de Autonom\u00eda o noticias sobre la aprobaci\u00f3n de las Normas de Castell\u00f3, que fundamentaron la unidad de la lengua catalana. Public\u00f3 tambi\u00e9n la transcripci\u00f3n de documentos de los archivos municipales y colegial, siendo \u00e9l quien localiz\u00f3 la partida de bautismo de Jos\u00e9  Ribera. Iniciada la Guerra Civil Espa\u00f1ola, y tomado el gobierno de la ciudad por un Comit\u00e9 Revolucionario, Gonzalo Vi\u00f1es fue presionado para renegar del sacerdocio, hecho que rehus\u00f3, y fue obligado a trabajar para \u00e9ste. El d\u00eda 10 de diciembre de 1936, cerca del molino de Vall\u00e9s, fue asesinado por un grupo radical incontrolado este religioso inquieto de tan gran erudici\u00f3n, defensor de un regionalismo moderado, del mundo rural, amante de las tradiciones y de su lengua materna. Fue beatificado por el papa Juan Pablo II el 11 de marzo de 2001 en la plaza de San Pedro del Vaticano.<\/p>\n","protected":false},"featured_media":1567,"menu_order":0,"template":"","meta":{"site-sidebar-layout":"default","site-content-layout":"default","ast-site-content-layout":"default","site-content-style":"default","site-sidebar-style":"default","ast-global-header-display":"","ast-banner-title-visibility":"","ast-main-header-display":"","ast-hfb-above-header-display":"","ast-hfb-below-header-display":"","ast-hfb-mobile-header-display":"","site-post-title":"","ast-breadcrumbs-content":"","ast-featured-img":"","footer-sml-layout":"","ast-disable-related-posts":"","theme-transparent-header-meta":"default","adv-header-id-meta":"","stick-header-meta":"default","header-above-stick-meta":"","header-main-stick-meta":"","header-below-stick-meta":"","astra-migrate-meta-layouts":"default","ast-page-background-enabled":"default","ast-page-background-meta":{"desktop":{"background-color":"var(--ast-global-color-4)","background-image":"","background-repeat":"repeat","background-position":"center center","background-size":"auto","background-attachment":"scroll","background-type":"","background-media":"","overlay-type":"","overlay-color":"","overlay-opacity":"","overlay-gradient":""},"tablet":{"background-color":"","background-image":"","background-repeat":"repeat","background-position":"center center","background-size":"auto","background-attachment":"scroll","background-type":"","background-media":"","overlay-type":"","overlay-color":"","overlay-opacity":"","overlay-gradient":""},"mobile":{"background-color":"","background-image":"","background-repeat":"repeat","background-position":"center center","background-size":"auto","background-attachment":"scroll","background-type":"","background-media":"","overlay-type":"","overlay-color":"","overlay-opacity":"","overlay-gradient":""}},"ast-content-background-meta":{"desktop":{"background-color":"var(--ast-global-color-5)","background-image":"","background-repeat":"repeat","background-position":"center center","background-size":"auto","background-attachment":"scroll","background-type":"","background-media":"","overlay-type":"","overlay-color":"","overlay-opacity":"","overlay-gradient":""},"tablet":{"background-color":"var(--ast-global-color-5)","background-image":"","background-repeat":"repeat","background-position":"center center","background-size":"auto","background-attachment":"scroll","background-type":"","background-media":"","overlay-type":"","overlay-color":"","overlay-opacity":"","overlay-gradient":""},"mobile":{"background-color":"var(--ast-global-color-5)","background-image":"","background-repeat":"repeat","background-position":"center center","background-size":"auto","background-attachment":"scroll","background-type":"","background-media":"","overlay-type":"","overlay-color":"","overlay-opacity":"","overlay-gradient":""}}},"class_list":["post-1515","biografias","type-biografias","status-publish","has-post-thumbnail","hentry"],"_links":{"self":[{"href":"https:\/\/biblioteca.xativa.es\/es\/wp-json\/wp\/v2\/biografias\/1515"}],"collection":[{"href":"https:\/\/biblioteca.xativa.es\/es\/wp-json\/wp\/v2\/biografias"}],"about":[{"href":"https:\/\/biblioteca.xativa.es\/es\/wp-json\/wp\/v2\/types\/biografias"}],"wp:featuredmedia":[{"embeddable":true,"href":"https:\/\/biblioteca.xativa.es\/es\/wp-json\/wp\/v2\/media\/1567"}],"wp:attachment":[{"href":"https:\/\/biblioteca.xativa.es\/es\/wp-json\/wp\/v2\/media?parent=1515"}],"curies":[{"name":"wp","href":"https:\/\/api.w.org\/{rel}","templated":true}]}}