{"id":1513,"date":"2021-10-04T12:49:53","date_gmt":"2021-10-04T12:49:53","guid":{"rendered":"https:\/\/desarrollo1.mibbo.es\/biografias\/bio-es-villanueva-joaquin-lorenzo-1757-1837\/"},"modified":"2021-10-04T12:49:53","modified_gmt":"2021-10-04T12:49:53","slug":"bio-es-villanueva-joaquin-lorenzo-1757-1837","status":"publish","type":"biografias","link":"https:\/\/biblioteca.xativa.es\/es\/biografies\/bio-es-villanueva-joaquin-lorenzo-1757-1837\/","title":{"rendered":"VILLANUEVA, Joaqu\u00edn Lorenzo (1757-1837)"},"content":{"rendered":"<p>Naci\u00f3 el 10 de agosto de 1757 en una casa de la plaza de las Coles (hoy plaza del Mercado), cerca de la calle Calderer\u00eda, probablemente en una familia acomodada, y con un ambiente favorable para una buena formaci\u00f3n: su padre era de profesi\u00f3n librero. En X\u00e0tiva, entonces San Felipe, hizo sus primeros estudios (gram\u00e1tica y humanidades), siendo un alumno aventajado, pues a los 12 a\u00f1os march\u00f3 a Val\u00e8ncia para iniciar la formaci\u00f3n secundaria. En 1772 obtuvo el t\u00edtulo de maestro en Artes y en 1776, con tan solo 19 a\u00f1os, el de doctor en Teolog\u00eda. Finalizados sus estudios, ocup\u00f3 la c\u00e1tedra de Filosof\u00eda en el seminario de Orihuela, y en 1780 march\u00f3 a Madrid, donde estableci\u00f3 relaci\u00f3n con un grupo escogido de intelectuales valencianos, entre ellos, P\u00e9rez Bayer y Bertr\u00e1n, obispo de Salamanca e inquisidor general. Su relaci\u00f3n con este \u00faltimo le permiti\u00f3 ser nombrado capell\u00e1n, consultor de Tribunal de Corte y calificador del Santo Oficio. Establecido en la corte madrile\u00f1a inici\u00f3 una intensa actividad literaria: Oficio de la Semana SantaDe la obligaci\u00f3n de decir la Misa con circunspecci\u00f3n y pausa (1788), donde critica la relajaci\u00f3n de costumbres de muchos religiosos en la celebraci\u00f3n lit\u00fargica; De la lecci\u00f3n de la Sagrada Escritura en lenguas vulgares (1791), en la que justifica la necesidad de traducir la Biblia de las lenguas cl\u00e1sicas y ponerla al alcance del pueblo; Catecismo del Estado (1793), sobre el beneficio que supone para el Estado la pr\u00e1ctica religiosa del pueblo; A\u00f1o Cristiano (1795), obra de gran erudici\u00f3n sobre los santos y advocaciones religiosas espa\u00f1olas; Dominicas, ferias y fiestas movibles (1796-1803), complemento de la obra anterior y tratado de piedad y pr\u00e1ctica religiosa; Kempis de los literatos (1807), conjunto de m\u00e1ximas y consejos; colaboraci\u00f3n en Viaje literario a las iglesias de Espa\u00f1a, texto fundamental de la historiograf\u00eda eclesi\u00e1stica, obra de su hermano el dominico Jaime Villanueva, etc. La actividad de Villanueva en estos a\u00f1os finales del siglo XVIII e inicios del XIX est\u00e1 en relaci\u00f3n al movimiento jansenista, de gran influencia en estos momentos, partidario de una religiosidad profunda, buscando las ra\u00edces de la primitiva Iglesia, alejada de formalismos, contra la relajaci\u00f3n de costumbres y defensoras del centralismo mon\u00e1rquico. Villanueva menudea los c\u00edrculos intelectuales y religiosos m\u00e1s influyentes de Madrid, sintonizando con el poder y consiguiendo el reconocimiento por parte de las instituciones m\u00e1s importantes del pa\u00eds: es nombrado miembro de la Real Academia Espa\u00f1ola de la Lengua (1792), predicador de S. M. y rector de los Reales Hospitales de Madrid (1800), miembro de la Real Academia de la Historia y de la Orden de Carlos III. La ocupaci\u00f3n de Espa\u00f1a por las tropas napole\u00f3nicas produjo el alzamiento nacional y la Guerra de la Independencia (fue testigo del alzamiento popular en Madrid el d\u00eda 2 de mayo de 1808 y de la represi\u00f3n posterior, al igual que Francisco de Paula Mart\u00ed). Estos hechos supusieron un cambio profundo en su vida. En 1810 es designado diputado por Val\u00e8ncia a las Cortes generales y extraordinarias que se celebrar\u00e1n en C\u00e1diz (1810-1813). De su participaci\u00f3n en ellas dej\u00f3 testimonio de primera mano en su libro Mi viaje a las Cortes, editado p\u00f3stumamente en 1860. En ellas fue uno de los diputados m\u00e1s activos, produci\u00e9ndose en \u00e9l un profundo cambio alrededor de la concepci\u00f3n del Estado: soberan\u00eda nacional, muestra de expresi\u00f3n patri\u00f3tica, frente al despotismo mon\u00e1rquico. Intervino en los debates sobre la Constituci\u00f3n de 1812, la abolici\u00f3n de la Inquisici\u00f3n, la reforma del clero, cuestiones econ\u00f3micas, etc. Pocos setabenses han mostrado como \u00e9l el amor por su tierra y su disposici\u00f3n incondicional para favorecerla. Apenas recibir la noticia de ser nombrado diputado a las Cortes ofreci\u00f3 sus servicios al gobernador y Ayuntamiento de la ciudad. Y su trabajo en ellas tuvo como resultado la restituci\u00f3n del nombre de X\u00e0tiva, abandonando el ignominioso de San Felipe (sesi\u00f3n del d\u00eda 26 de septiembre de 1811), y la restituci\u00f3n de la hist\u00f3rica sede episcopal (1814), deslig\u00e1ndose de la de Val\u00e8ncia, aunque de forma ef\u00edmera, pues el 4 de mayo de 1814 Fernando VII implantaba nuevamente el absolutismo y abol\u00eda todo el trabajo de las Cortes. Villanueva fue encarcelado y posteriormente desterrado al convento de La Salceda (Guadalajara). Una reacci\u00f3n liberal implant\u00f3 en 1820 nuevamente la Constituci\u00f3n de C\u00e1diz. Villanueva era liberado y marchaba a Cuenca, de donde era can\u00f3nigo desde 1809. Por segunda ocasi\u00f3n es designado diputado a Cortes por Val\u00e8ncia. Y otra vez, Villanueva trabaja por su ciudad, consiguiendo de las Cortes (1821) no ya s\u00f3lo restablecer la catedralidad de X\u00e0tiva, sino tambi\u00e9n que fuera nombrada capital de provincia. Una nueva reacci\u00f3n absolutista (1823) impuso el gobierno desp\u00f3tico de Fernando VII, anulando la obra legislativa liberal, y Joaqu\u00edn Lorenzo, junto a sus hermanos Jaime y Lorenzo tiene que emigrar. En Londres vivi\u00f3 los primeros a\u00f1os de exilio. All\u00ed continu\u00f3 con su gran afici\u00f3n, la escritura, y public\u00f3 Vida literaria (1825). En estos \u00faltimos a\u00f1os de su vida estuvo incluso pr\u00f3ximo a traducir la Biblia al catal\u00e1n. En 1831 se traslad\u00f3 a Dubl\u00edn, acogido en casa de su amigo el reverendo William Yore, donde encontr\u00f3 afecto y atenci\u00f3n. En esta ciudad public\u00f3 Poes\u00edas escogidas (1833). El 26 de marzo de 1837 mor\u00eda, despu\u00e9s de 14 a\u00f1os de exilio, muy lejos de su estimada ciudad, aquel quien probablemente m\u00e1s ha trabajado desinteresadamente por ella y que, sin duda, merece que todos lo tengamos en nuestra memoria.<\/p>\n","protected":false},"featured_media":1565,"menu_order":0,"template":"","meta":{"site-sidebar-layout":"default","site-content-layout":"default","ast-site-content-layout":"default","site-content-style":"default","site-sidebar-style":"default","ast-global-header-display":"","ast-banner-title-visibility":"","ast-main-header-display":"","ast-hfb-above-header-display":"","ast-hfb-below-header-display":"","ast-hfb-mobile-header-display":"","site-post-title":"","ast-breadcrumbs-content":"","ast-featured-img":"","footer-sml-layout":"","ast-disable-related-posts":"","theme-transparent-header-meta":"default","adv-header-id-meta":"","stick-header-meta":"default","header-above-stick-meta":"","header-main-stick-meta":"","header-below-stick-meta":"","astra-migrate-meta-layouts":"default","ast-page-background-enabled":"default","ast-page-background-meta":{"desktop":{"background-color":"var(--ast-global-color-4)","background-image":"","background-repeat":"repeat","background-position":"center center","background-size":"auto","background-attachment":"scroll","background-type":"","background-media":"","overlay-type":"","overlay-color":"","overlay-opacity":"","overlay-gradient":""},"tablet":{"background-color":"","background-image":"","background-repeat":"repeat","background-position":"center center","background-size":"auto","background-attachment":"scroll","background-type":"","background-media":"","overlay-type":"","overlay-color":"","overlay-opacity":"","overlay-gradient":""},"mobile":{"background-color":"","background-image":"","background-repeat":"repeat","background-position":"center center","background-size":"auto","background-attachment":"scroll","background-type":"","background-media":"","overlay-type":"","overlay-color":"","overlay-opacity":"","overlay-gradient":""}},"ast-content-background-meta":{"desktop":{"background-color":"var(--ast-global-color-5)","background-image":"","background-repeat":"repeat","background-position":"center center","background-size":"auto","background-attachment":"scroll","background-type":"","background-media":"","overlay-type":"","overlay-color":"","overlay-opacity":"","overlay-gradient":""},"tablet":{"background-color":"var(--ast-global-color-5)","background-image":"","background-repeat":"repeat","background-position":"center center","background-size":"auto","background-attachment":"scroll","background-type":"","background-media":"","overlay-type":"","overlay-color":"","overlay-opacity":"","overlay-gradient":""},"mobile":{"background-color":"var(--ast-global-color-5)","background-image":"","background-repeat":"repeat","background-position":"center center","background-size":"auto","background-attachment":"scroll","background-type":"","background-media":"","overlay-type":"","overlay-color":"","overlay-opacity":"","overlay-gradient":""}}},"class_list":["post-1513","biografias","type-biografias","status-publish","has-post-thumbnail","hentry"],"_links":{"self":[{"href":"https:\/\/biblioteca.xativa.es\/es\/wp-json\/wp\/v2\/biografias\/1513"}],"collection":[{"href":"https:\/\/biblioteca.xativa.es\/es\/wp-json\/wp\/v2\/biografias"}],"about":[{"href":"https:\/\/biblioteca.xativa.es\/es\/wp-json\/wp\/v2\/types\/biografias"}],"wp:featuredmedia":[{"embeddable":true,"href":"https:\/\/biblioteca.xativa.es\/es\/wp-json\/wp\/v2\/media\/1565"}],"wp:attachment":[{"href":"https:\/\/biblioteca.xativa.es\/es\/wp-json\/wp\/v2\/media?parent=1513"}],"curies":[{"name":"wp","href":"https:\/\/api.w.org\/{rel}","templated":true}]}}