{"id":1481,"date":"2021-10-04T12:49:48","date_gmt":"2021-10-04T12:49:48","guid":{"rendered":"https:\/\/desarrollo1.mibbo.es\/biografias\/bio-es-ridocci-matilde-1843-1922\/"},"modified":"2021-10-04T12:49:48","modified_gmt":"2021-10-04T12:49:48","slug":"bio-es-ridocci-matilde-1843-1922","status":"publish","type":"biografias","link":"https:\/\/biblioteca.xativa.es\/es\/biografies\/bio-es-ridocci-matilde-1843-1922\/","title":{"rendered":"RIDOCCI, Matilde (1843-1922)"},"content":{"rendered":"<p>Naci\u00f3 en X\u00e0tiva el 12 de septiembre de 1843. Inici\u00f3 su trabajo de docente en la escuela de primera ense\u00f1anza de Teulada (Alicante). En 1869 tom\u00f3 posesi\u00f3n de la plaza de segunda maestra de la Escuela Normal Superior de Val\u00e8ncia. Por motivos familiares volvi\u00f3 a X\u00e0tiva, donde tom\u00f3 posesi\u00f3n en 1878 de una plaza de ense\u00f1anza primaria. En 1899 fue nombrada profesora numeraria, por oposici\u00f3n, de la Escuela Normal de Val\u00e8ncia, y en 1900, directora de \u00e9sta. Public\u00f3 diversas obras sobre ense\u00f1anza que fueron premiadas y declaradas de texto para las escuelas normales y de primera ense\u00f1anza: Nociones de Higiene privada general para las Escuelas Normales y Superiores de primera ense\u00f1anza (1876), Nociones de Higiene privada general, al alcance de los ni\u00f1os, para las escuelas elementales (1876), Nociones de F\u00edsica, Qu\u00edmica e Historia Natural para las Escuelas Normales (1901), Urbanidad para Escuelas Normales, etc. Entre los hechos mas recordados ligados a su trabajo como docente hay que destacar la audiencia que tuvo con el monarca Alfonso XII, resultado de la cual las maestras obtuvieron la equiparaci\u00f3n salarial respecto a los maestros. Fue persona discreta, muy querida por la gente y amante de las artes (practic\u00f3 la pintura, el dibujo y la poes\u00eda). Su muerte, acaecida el 24 de julio de 1922, fue muy sentida, y la ciudad se lo reconoci\u00f3 d\u00e1ndole su nombre a la calle donde naci\u00f3. En el n\u00famero 4 de esta figura una l\u00e1pida de m\u00e1rmol blanco con la siguiente inscripci\u00f3n: \tEN ESTA CASA NACI\u00d3 \tEL 12 DE SEPTIEMBRE DE 1843 \tD.\u00aa MATILDE RIDOCCI GARC\u00cdA \tEX DIRECTORA DE LA NORMAL \tDE VALENCIA \tMUJER DE EXTRAORDINARIO \tTALENTO Y DOTES ART\u00cdSTICAS \tFALLECI\u00d3 EL 24 DE JULIO DE 1922 \tRECUERDO DE SUS COMPA\u00d1ERAS \tDISC\u00cdPULAS Y ADMIRADORAS<\/p>\n","protected":false},"featured_media":1541,"menu_order":0,"template":"","meta":{"site-sidebar-layout":"default","site-content-layout":"default","ast-site-content-layout":"default","site-content-style":"default","site-sidebar-style":"default","ast-global-header-display":"","ast-banner-title-visibility":"","ast-main-header-display":"","ast-hfb-above-header-display":"","ast-hfb-below-header-display":"","ast-hfb-mobile-header-display":"","site-post-title":"","ast-breadcrumbs-content":"","ast-featured-img":"","footer-sml-layout":"","ast-disable-related-posts":"","theme-transparent-header-meta":"default","adv-header-id-meta":"","stick-header-meta":"default","header-above-stick-meta":"","header-main-stick-meta":"","header-below-stick-meta":"","astra-migrate-meta-layouts":"default","ast-page-background-enabled":"default","ast-page-background-meta":{"desktop":{"background-color":"var(--ast-global-color-4)","background-image":"","background-repeat":"repeat","background-position":"center center","background-size":"auto","background-attachment":"scroll","background-type":"","background-media":"","overlay-type":"","overlay-color":"","overlay-opacity":"","overlay-gradient":""},"tablet":{"background-color":"","background-image":"","background-repeat":"repeat","background-position":"center center","background-size":"auto","background-attachment":"scroll","background-type":"","background-media":"","overlay-type":"","overlay-color":"","overlay-opacity":"","overlay-gradient":""},"mobile":{"background-color":"","background-image":"","background-repeat":"repeat","background-position":"center center","background-size":"auto","background-attachment":"scroll","background-type":"","background-media":"","overlay-type":"","overlay-color":"","overlay-opacity":"","overlay-gradient":""}},"ast-content-background-meta":{"desktop":{"background-color":"var(--ast-global-color-5)","background-image":"","background-repeat":"repeat","background-position":"center center","background-size":"auto","background-attachment":"scroll","background-type":"","background-media":"","overlay-type":"","overlay-color":"","overlay-opacity":"","overlay-gradient":""},"tablet":{"background-color":"var(--ast-global-color-5)","background-image":"","background-repeat":"repeat","background-position":"center center","background-size":"auto","background-attachment":"scroll","background-type":"","background-media":"","overlay-type":"","overlay-color":"","overlay-opacity":"","overlay-gradient":""},"mobile":{"background-color":"var(--ast-global-color-5)","background-image":"","background-repeat":"repeat","background-position":"center center","background-size":"auto","background-attachment":"scroll","background-type":"","background-media":"","overlay-type":"","overlay-color":"","overlay-opacity":"","overlay-gradient":""}}},"class_list":["post-1481","biografias","type-biografias","status-publish","has-post-thumbnail","hentry"],"_links":{"self":[{"href":"https:\/\/biblioteca.xativa.es\/es\/wp-json\/wp\/v2\/biografias\/1481"}],"collection":[{"href":"https:\/\/biblioteca.xativa.es\/es\/wp-json\/wp\/v2\/biografias"}],"about":[{"href":"https:\/\/biblioteca.xativa.es\/es\/wp-json\/wp\/v2\/types\/biografias"}],"wp:featuredmedia":[{"embeddable":true,"href":"https:\/\/biblioteca.xativa.es\/es\/wp-json\/wp\/v2\/media\/1541"}],"wp:attachment":[{"href":"https:\/\/biblioteca.xativa.es\/es\/wp-json\/wp\/v2\/media?parent=1481"}],"curies":[{"name":"wp","href":"https:\/\/api.w.org\/{rel}","templated":true}]}}