{"id":1477,"date":"2021-10-04T12:49:48","date_gmt":"2021-10-04T12:49:48","guid":{"rendered":"https:\/\/desarrollo1.mibbo.es\/biografias\/bio-es-reig-armero-ramir-1936-2018\/"},"modified":"2021-10-04T12:49:48","modified_gmt":"2021-10-04T12:49:48","slug":"bio-es-reig-armero-ramir-1936-2018","status":"publish","type":"biografias","link":"https:\/\/biblioteca.xativa.es\/es\/biografies\/bio-es-reig-armero-ramir-1936-2018\/","title":{"rendered":"REIG ARMERO, Ramir (1936-2018)"},"content":{"rendered":"<p>Naci\u00f3 en X\u00e0tiva el 5 de abril de 1936, poco antes iniciarse la guerra civil; y muri\u00f3 en Valencia a los 82 a\u00f1os. Durante la posguerra ingres\u00f3 muy joven en el noviciado jesuita. Despu\u00e9s de hacer estudios de Filosof\u00eda, Magisterio y Teolog\u00eda fue ordenado sacerdote en Torrent en 1968. Realiz\u00f3 trabajo pastoral y docente en varias instituciones de Valencia y como cura-obrero ejerci\u00f3 el cargo de consiliario de comunidades cristianas y fue asesor sindical. Reig fue un sacerdote comprometido con los barrios obreros. En 1970 el Tribunal de Orden P\u00fablico lo proces\u00f3 por ayudar a imprimir unos panfletos contra la dictadura. Tuvo una participaci\u00f3n activa en la organizaci\u00f3n del sindicato CCOO del Pa\u00eds Valenciano, cuya Biblioteca de Ciencias Sociales (aprox. 3500 vol\u00famenes) recibe su nombre. Public\u00f3 cerca de una docena de libros, la mayor\u00eda ensayos. Se interes\u00f3 por la figura del escritor Vicente Blasco Ib\u00e1\u00f1ez y especialmente por diversos aspectos de la econom\u00eda valenciana, como las grandes aventuras empresariales del siglo XX. La Biblioteca de X\u00e0tiva cuenta con las obras: Obrers i ciutadans, Blasquisme i moviment obrer (1982), y Feixistes, rojos i capellans (2004). Ramiro Reig fue profesor de Historia Econ\u00f3mica de la Universitat de Val\u00e8ncia y miembro del Consell Valenci\u00e0 de Cultura. Siempre mantuvo el contacto con su ciudad, donde public\u00f3 en varias ocasiones en los libros de feria. Cabe destacar su art\u00edculo \u201cEl desaf\u00edo setabense\u201d en J\u00e1tiva en agosto 1968, una magn\u00edfica visi\u00f3n sobre la X\u00e0tiva de la \u00e9poca, ilustrada con numerosas fotograf\u00edas de Adolfo Garc\u00eda, cuyo contenido irrit\u00f3 al Ayuntamiento de la dictadura. En \u00e9l dec\u00eda Ramir Reig: \u201cX\u00e0tiva si es algo o quiere ser algo, debe ser una voluntad com\u00fan\u201d.<\/p>\n","protected":false},"featured_media":1599,"menu_order":0,"template":"","meta":{"site-sidebar-layout":"default","site-content-layout":"default","ast-site-content-layout":"default","site-content-style":"default","site-sidebar-style":"default","ast-global-header-display":"","ast-banner-title-visibility":"","ast-main-header-display":"","ast-hfb-above-header-display":"","ast-hfb-below-header-display":"","ast-hfb-mobile-header-display":"","site-post-title":"","ast-breadcrumbs-content":"","ast-featured-img":"","footer-sml-layout":"","ast-disable-related-posts":"","theme-transparent-header-meta":"default","adv-header-id-meta":"","stick-header-meta":"default","header-above-stick-meta":"","header-main-stick-meta":"","header-below-stick-meta":"","astra-migrate-meta-layouts":"default","ast-page-background-enabled":"default","ast-page-background-meta":{"desktop":{"background-color":"var(--ast-global-color-4)","background-image":"","background-repeat":"repeat","background-position":"center center","background-size":"auto","background-attachment":"scroll","background-type":"","background-media":"","overlay-type":"","overlay-color":"","overlay-opacity":"","overlay-gradient":""},"tablet":{"background-color":"","background-image":"","background-repeat":"repeat","background-position":"center center","background-size":"auto","background-attachment":"scroll","background-type":"","background-media":"","overlay-type":"","overlay-color":"","overlay-opacity":"","overlay-gradient":""},"mobile":{"background-color":"","background-image":"","background-repeat":"repeat","background-position":"center center","background-size":"auto","background-attachment":"scroll","background-type":"","background-media":"","overlay-type":"","overlay-color":"","overlay-opacity":"","overlay-gradient":""}},"ast-content-background-meta":{"desktop":{"background-color":"var(--ast-global-color-5)","background-image":"","background-repeat":"repeat","background-position":"center center","background-size":"auto","background-attachment":"scroll","background-type":"","background-media":"","overlay-type":"","overlay-color":"","overlay-opacity":"","overlay-gradient":""},"tablet":{"background-color":"var(--ast-global-color-5)","background-image":"","background-repeat":"repeat","background-position":"center center","background-size":"auto","background-attachment":"scroll","background-type":"","background-media":"","overlay-type":"","overlay-color":"","overlay-opacity":"","overlay-gradient":""},"mobile":{"background-color":"var(--ast-global-color-5)","background-image":"","background-repeat":"repeat","background-position":"center center","background-size":"auto","background-attachment":"scroll","background-type":"","background-media":"","overlay-type":"","overlay-color":"","overlay-opacity":"","overlay-gradient":""}}},"class_list":["post-1477","biografias","type-biografias","status-publish","has-post-thumbnail","hentry"],"_links":{"self":[{"href":"https:\/\/biblioteca.xativa.es\/es\/wp-json\/wp\/v2\/biografias\/1477"}],"collection":[{"href":"https:\/\/biblioteca.xativa.es\/es\/wp-json\/wp\/v2\/biografias"}],"about":[{"href":"https:\/\/biblioteca.xativa.es\/es\/wp-json\/wp\/v2\/types\/biografias"}],"wp:featuredmedia":[{"embeddable":true,"href":"https:\/\/biblioteca.xativa.es\/es\/wp-json\/wp\/v2\/media\/1599"}],"wp:attachment":[{"href":"https:\/\/biblioteca.xativa.es\/es\/wp-json\/wp\/v2\/media?parent=1477"}],"curies":[{"name":"wp","href":"https:\/\/api.w.org\/{rel}","templated":true}]}}