{"id":1463,"date":"2021-10-04T12:49:45","date_gmt":"2021-10-04T12:49:45","guid":{"rendered":"https:\/\/desarrollo1.mibbo.es\/biografias\/bio-es-mila-i-borja-lluis-joan-del-1432-1507\/"},"modified":"2021-10-04T12:49:45","modified_gmt":"2021-10-04T12:49:45","slug":"bio-es-mila-i-borja-lluis-joan-del-1432-1507","status":"publish","type":"biografias","link":"https:\/\/biblioteca.xativa.es\/es\/biografies\/bio-es-mila-i-borja-lluis-joan-del-1432-1507\/","title":{"rendered":"MIL\u00c0 I BORJA, Llu\u00eds Joan del (1432-1507)"},"content":{"rendered":"<p>Naci\u00f3 en 1432, hijo de Joan del Mil\u00e0 y Caterina Borja, hermana de Alfons de Borja, futuro papa Calixto III. Los Mil\u00e0, igual que los Borja, fueron una familia de ciudadanos documentada en X\u00e0tiva, al menos, desde el siglo XIV. A mediados del siglo XV aparecen ya como caballeros, ocupando cargos en la ciudad y en el entorno de Alfons el Magn\u00e0nim y Alfons de Borja. Es as\u00ed como la rentas eclesi\u00e1sticas y la influencia pol\u00edtica fueron la base de su ascenso social, igual que el de sus parientes Borja. En 1447, a los 15 a\u00f1os, fue nombrado can\u00f3nigo de la Colegiata de X\u00e0tiva, y en 1450, de\u00e1n. En 1455 fue designado obispo de Segorbe-Albarrac\u00edn por su t\u00edo, el nuevo papa Calixto III. Ese mismo a\u00f1o estaba ya en Roma, y poco despu\u00e9s era enviado por este a Bolonia, donde estudi\u00f3 Derecho junto con su primo hermano Roderic, futuro papa Alejandro VI. El 1456 fue nombrado cardenal con el t\u00edtulo de los Cuatro Santos Coronados, el mismo que hab\u00eda llevado el propio papa. Cuando muri\u00f3 Calixto III (1458), volvi\u00f3 a su di\u00f3cesis de Segorbe; y, m\u00e1s tarde, el nuevo pont\u00edfice, P\u00edo II, lo traslad\u00f3 al obispado de L\u00e9rida. Fue proverbial la riqueza del cardenal Mil\u00e0, hecho que le permiti\u00f3 comprar, en 1471, la baron\u00eda de Albaida, que el rey Juan II elev\u00f3 poco despu\u00e9s a condado. De sus relaciones con Angelina Ram, tuvo varios hijos, uno de los cuales, Jaume del Mil\u00e0, cas\u00f3 con Leonor de Arag\u00f3n, iniciando as\u00ed la l\u00ednea de los Mil\u00e0 de Arag\u00f3n, condes de Albaida en un primer momento y, posteriormente, duques. Muri\u00f3 en 1507 (1510 seg\u00fan otras fuentes) en su se\u00f1or\u00edo de B\u00e8lgida y fue enterrado en el monasterio dominico de Santa Ana de Albaida.<\/p>\n","protected":false},"featured_media":1531,"menu_order":0,"template":"","meta":{"site-sidebar-layout":"default","site-content-layout":"default","ast-site-content-layout":"default","site-content-style":"default","site-sidebar-style":"default","ast-global-header-display":"","ast-banner-title-visibility":"","ast-main-header-display":"","ast-hfb-above-header-display":"","ast-hfb-below-header-display":"","ast-hfb-mobile-header-display":"","site-post-title":"","ast-breadcrumbs-content":"","ast-featured-img":"","footer-sml-layout":"","ast-disable-related-posts":"","theme-transparent-header-meta":"default","adv-header-id-meta":"","stick-header-meta":"default","header-above-stick-meta":"","header-main-stick-meta":"","header-below-stick-meta":"","astra-migrate-meta-layouts":"default","ast-page-background-enabled":"default","ast-page-background-meta":{"desktop":{"background-color":"var(--ast-global-color-4)","background-image":"","background-repeat":"repeat","background-position":"center center","background-size":"auto","background-attachment":"scroll","background-type":"","background-media":"","overlay-type":"","overlay-color":"","overlay-opacity":"","overlay-gradient":""},"tablet":{"background-color":"","background-image":"","background-repeat":"repeat","background-position":"center center","background-size":"auto","background-attachment":"scroll","background-type":"","background-media":"","overlay-type":"","overlay-color":"","overlay-opacity":"","overlay-gradient":""},"mobile":{"background-color":"","background-image":"","background-repeat":"repeat","background-position":"center center","background-size":"auto","background-attachment":"scroll","background-type":"","background-media":"","overlay-type":"","overlay-color":"","overlay-opacity":"","overlay-gradient":""}},"ast-content-background-meta":{"desktop":{"background-color":"var(--ast-global-color-5)","background-image":"","background-repeat":"repeat","background-position":"center center","background-size":"auto","background-attachment":"scroll","background-type":"","background-media":"","overlay-type":"","overlay-color":"","overlay-opacity":"","overlay-gradient":""},"tablet":{"background-color":"var(--ast-global-color-5)","background-image":"","background-repeat":"repeat","background-position":"center center","background-size":"auto","background-attachment":"scroll","background-type":"","background-media":"","overlay-type":"","overlay-color":"","overlay-opacity":"","overlay-gradient":""},"mobile":{"background-color":"var(--ast-global-color-5)","background-image":"","background-repeat":"repeat","background-position":"center center","background-size":"auto","background-attachment":"scroll","background-type":"","background-media":"","overlay-type":"","overlay-color":"","overlay-opacity":"","overlay-gradient":""}}},"class_list":["post-1463","biografias","type-biografias","status-publish","has-post-thumbnail","hentry"],"_links":{"self":[{"href":"https:\/\/biblioteca.xativa.es\/es\/wp-json\/wp\/v2\/biografias\/1463"}],"collection":[{"href":"https:\/\/biblioteca.xativa.es\/es\/wp-json\/wp\/v2\/biografias"}],"about":[{"href":"https:\/\/biblioteca.xativa.es\/es\/wp-json\/wp\/v2\/types\/biografias"}],"wp:featuredmedia":[{"embeddable":true,"href":"https:\/\/biblioteca.xativa.es\/es\/wp-json\/wp\/v2\/media\/1531"}],"wp:attachment":[{"href":"https:\/\/biblioteca.xativa.es\/es\/wp-json\/wp\/v2\/media?parent=1463"}],"curies":[{"name":"wp","href":"https:\/\/api.w.org\/{rel}","templated":true}]}}