{"id":1459,"date":"2021-10-04T12:49:45","date_gmt":"2021-10-04T12:49:45","guid":{"rendered":"https:\/\/desarrollo1.mibbo.es\/biografias\/bio-es-marti-y-mora-francisco-de-paula-1761-1827\/"},"modified":"2021-10-04T12:49:45","modified_gmt":"2021-10-04T12:49:45","slug":"bio-es-marti-y-mora-francisco-de-paula-1761-1827","status":"publish","type":"biografias","link":"https:\/\/biblioteca.xativa.es\/es\/biografies\/bio-es-marti-y-mora-francisco-de-paula-1761-1827\/","title":{"rendered":"MART\u00cd Y MORA, Francisco de Paula (1761-1827)"},"content":{"rendered":"<p>Nace el 22 de abril de 1761 en la plaza de San Miguel, en la casa que hoy lleva el n\u00famero 15. Sus primeros estudios los realiza en X\u00e0tiva. En Val\u00e8ncia aprendi\u00f3 el arte del grabado con el maestro Monfort en la Escuela de Bellas Artes de San Carlos, donde fue en 1786 premio de honor. En 1791 form\u00f3 parte de la Academia de San Fernando de Madrid. Posteriormente fue socio de m\u00e9rito y secretario de la Sociedad Econ\u00f3mica Matritense, y en 1811, grabador de la Imprenta Real. Muchas son las obras que realiz\u00f3 como grabador. Entre las referidas a X\u00e0tiva debemos mencionar: el Altar Mayor de la Colegiata (1819), la Virgen de la Seo (1785), Nuestra Se\u00f1ora de la Consolaci\u00f3n (1821) y la Vida y martirio de fr. Jacinto Casta\u00f1eda (1796). De su obra como grabador debemos destacar tambi\u00e9n las portadas y l\u00e1minas que ilustran las diferentes ediciones de sus libros; el alfabeto manual de sordomudos; retratos de gran cantidad de personajes espa\u00f1oles, conservados en la Secci\u00f3n de Estampas de la Biblioteca Nacional; l\u00e1minas de la Arquitectura, de Palladio (1797); la Biblia, del padre  Sc\u00edo (1791); ilustraciones para la obra conmemorativa de la exaltaci\u00f3n al trono de Carlos IV (1797), etc. Conocedor de la t\u00e9cnica de la escritura abreviada a trav\u00e9s de la obra Stenograf\u00eda, de Samuel Taylor, la adapt\u00f3 a la gram\u00e1tica castellana. As\u00ed, en 1800 public\u00f3 Stenograf\u00eda o Arte de escribir abreviado, y en 1803, su obra m\u00e1s importante, Tachigraf\u00eda castellana o Arte de escribir con tanta velocidad como se habla y con la misma claridad que la escritura com\u00fan. En 1808 public\u00f3 Poligraf\u00eda o Arte de escribir en cifra de diferentes modos, y, en 1833, ya p\u00f3stumamente, Taquigraf\u00eda de la m\u00fasica o Arte de escribirla sin usar del pentagrama. Es tambi\u00e9n autor de Compedio del a\u00f1o 1806 (1805) y Compedio del a\u00f1o 1807 (1806), consideradas las primeras agendas de bolsillo publicadas en Espa\u00f1a. Fue persona de gran erudici\u00f3n en lengua latina y conocimientos de ingl\u00e9s, italiano y franc\u00e9s. Sus inquietudes literarias lo llevaron a escribir algunas  obras dram\u00e1ticas como El d\u00eda dos de mayo en Madrid (1813), La Constituci\u00f3n vindicada (1813), El mayor chasco de los afrancesados (1814), El hip\u00f3crita pancista (1820), etc., siendo de especial inter\u00e9s la primera de ellas por su valor documental, ya que fue testigo directo de los hechos. La capacidad de invenci\u00f3n e ingenio de Mart\u00ed tuvo tambi\u00e9n expresi\u00f3n en la mejora de la pluma-fuente o estilogr\u00e1fica, dise\u00f1ada con el objeto de mejorar el sistema taqu\u00edgrafo y conseguir mayor velocidad, invento que ser\u00eda difundido en 1835 por los fabricantes ingleses Schaeffer y Parker. [img_assist|nid=114|title=|desc=|link=none|align=center|width=450|height=300] Los escritos y testimonios que conocemos de ellos nos muestran una persona polifac\u00e9tica y emprendedora; hombre de mediana estatura, m\u00e1s bien delgado, de mirada vivaz, inteligente, incansable en el trabajo y afable con los alumnos de su Escuela de Taquigraf\u00eda en Madrid. Con poca salud, march\u00f3 por prescripci\u00f3n m\u00e9dica a Lisboa para tomar los ba\u00f1os en Caldas de la Reina. El 8 de julio de 1827 muri\u00f3 en la capital lisboeta, donde se encuentran ilocalizados los restos de este setabense, grabador, escritor y fundador de la taquigraf\u00eda hispana. En su casa natal una l\u00e1pida conmemorativa nos recuerda su memoria con estas palabras: \tEN ESTA CASA NACI\u00d3, EL D\u00cdA 22 DE ABRIL \tDE 1761, EL ILUSTRE PATRICIO D. FRANCISCO \tDE P. MART\u00cd Y MORA, INVENTOR DE LA TA-         QUIGRAF\u00cdA ESPA\u00d1OLA Y DE LA PLUMA ESTI-         LOGR\u00c1FICA. \tSUS DISC\u00cdPULOS, EN PRUEBA DE RECONO-         CIMIENTO Y VENERACI\u00d3N, AL CUMPLIRSE EL         PRIMER CENTENARIO DE SU FALLECIMIENTO. \t8 DE JULIO DE 1927<\/p>\n","protected":false},"featured_media":1529,"menu_order":0,"template":"","meta":{"site-sidebar-layout":"default","site-content-layout":"default","ast-site-content-layout":"default","site-content-style":"default","site-sidebar-style":"default","ast-global-header-display":"","ast-banner-title-visibility":"","ast-main-header-display":"","ast-hfb-above-header-display":"","ast-hfb-below-header-display":"","ast-hfb-mobile-header-display":"","site-post-title":"","ast-breadcrumbs-content":"","ast-featured-img":"","footer-sml-layout":"","ast-disable-related-posts":"","theme-transparent-header-meta":"default","adv-header-id-meta":"","stick-header-meta":"default","header-above-stick-meta":"","header-main-stick-meta":"","header-below-stick-meta":"","astra-migrate-meta-layouts":"default","ast-page-background-enabled":"default","ast-page-background-meta":{"desktop":{"background-color":"var(--ast-global-color-4)","background-image":"","background-repeat":"repeat","background-position":"center center","background-size":"auto","background-attachment":"scroll","background-type":"","background-media":"","overlay-type":"","overlay-color":"","overlay-opacity":"","overlay-gradient":""},"tablet":{"background-color":"","background-image":"","background-repeat":"repeat","background-position":"center center","background-size":"auto","background-attachment":"scroll","background-type":"","background-media":"","overlay-type":"","overlay-color":"","overlay-opacity":"","overlay-gradient":""},"mobile":{"background-color":"","background-image":"","background-repeat":"repeat","background-position":"center center","background-size":"auto","background-attachment":"scroll","background-type":"","background-media":"","overlay-type":"","overlay-color":"","overlay-opacity":"","overlay-gradient":""}},"ast-content-background-meta":{"desktop":{"background-color":"var(--ast-global-color-5)","background-image":"","background-repeat":"repeat","background-position":"center center","background-size":"auto","background-attachment":"scroll","background-type":"","background-media":"","overlay-type":"","overlay-color":"","overlay-opacity":"","overlay-gradient":""},"tablet":{"background-color":"var(--ast-global-color-5)","background-image":"","background-repeat":"repeat","background-position":"center center","background-size":"auto","background-attachment":"scroll","background-type":"","background-media":"","overlay-type":"","overlay-color":"","overlay-opacity":"","overlay-gradient":""},"mobile":{"background-color":"var(--ast-global-color-5)","background-image":"","background-repeat":"repeat","background-position":"center center","background-size":"auto","background-attachment":"scroll","background-type":"","background-media":"","overlay-type":"","overlay-color":"","overlay-opacity":"","overlay-gradient":""}}},"class_list":["post-1459","biografias","type-biografias","status-publish","has-post-thumbnail","hentry"],"_links":{"self":[{"href":"https:\/\/biblioteca.xativa.es\/es\/wp-json\/wp\/v2\/biografias\/1459"}],"collection":[{"href":"https:\/\/biblioteca.xativa.es\/es\/wp-json\/wp\/v2\/biografias"}],"about":[{"href":"https:\/\/biblioteca.xativa.es\/es\/wp-json\/wp\/v2\/types\/biografias"}],"wp:featuredmedia":[{"embeddable":true,"href":"https:\/\/biblioteca.xativa.es\/es\/wp-json\/wp\/v2\/media\/1529"}],"wp:attachment":[{"href":"https:\/\/biblioteca.xativa.es\/es\/wp-json\/wp\/v2\/media?parent=1459"}],"curies":[{"name":"wp","href":"https:\/\/api.w.org\/{rel}","templated":true}]}}