{"id":1457,"date":"2021-10-04T12:49:43","date_gmt":"2021-10-04T12:49:43","guid":{"rendered":"https:\/\/desarrollo1.mibbo.es\/biografias\/bio-es-maravall-casesnoves-jose-antonio-1911-1986\/"},"modified":"2021-10-04T12:49:43","modified_gmt":"2021-10-04T12:49:43","slug":"bio-es-maravall-casesnoves-jose-antonio-1911-1986","status":"publish","type":"biografias","link":"https:\/\/biblioteca.xativa.es\/es\/biografies\/bio-es-maravall-casesnoves-jose-antonio-1911-1986\/","title":{"rendered":"MARAVALL  CASESNOVES, Jos\u00e9 Antonio (1911-1986)"},"content":{"rendered":"<p>Naci\u00f3 el 12 de junio de 1911. Estudi\u00f3 el bachillerato en nuestra ciudad, y obtuvo posteriormente la licenciatura en Filosof\u00eda y Letras, Derecho y Ciencias Pol\u00edticas y Econ\u00f3micas. Son numerosos los m\u00e9ritos y cargos que consigui\u00f3 a lo largo de su vida. La enumeraci\u00f3n de algunos de ellos permitir\u00e1 aproximarnos a valorar la importancia de su talla intelectual: catedr\u00e1tico de Derecho Pol\u00edtico y Teor\u00eda de la Societad, en la Universidad Complutense (1946-1949); director del Colegio de Espa\u00f1a de la Universidad de Par\u00eds (1949-1954); catedr\u00e1tico de Historia del Pensamiento Pol\u00edtico y Social de Espa\u00f1a, en la Facultad de Ciencias Pol\u00edticas y Econ\u00f3micas de la Universidad de Madrid (1955); catedr\u00e1tico asociado de la Universidad de la Sorbona (1969-1971); profesor de la Universidad de Minnesota (1978-1981); miembro, desde 1963, de la Real Academia de la Historia; presidente de la Asociaci\u00f3n Espa\u00f1ola de Ciencias Hist\u00f3ricas (1969-1974); miembro de gran cantitad de organizaciones y  colaborador de innumerables revistas nacionales e internacionales (Hispanic Society of America, Hispanic Review, Bulletin Hispanique, Cuadernos Hispanoamericanos, Revista de Occidente, Revista de Estudios Pol\u00edticos\u2026); participante en numerosos cursos, congresos y conferencias de todo el mundo, y doctor honoris causa de las universidades de Tolosa y Burdeos. Es, as\u00ed mismo, autor de casi una treintena de libros y dos centenares de art\u00edculos especializados en temas medievales y aspectos del pensamiento de los siglos XVI al XX, destacando  de manera especial: El concepto de Espa\u00f1a en la Edad Media (1954), Vel\u00e1zquez y el esp\u00edritu de la modernidad (1960), Las Comunidades de Castilla, una primera revoluci\u00f3n moderna (1963), El  mundo social de La Celestina (1964), Antiguos y modernos (1966), Estado moderno y metalidad social (1972), La cultura del Barroco (1975), Utop\u00eda y contrautop\u00eda en \u201cEl Quijote\u201d (1976), La literatura picaresca desde la historia social (1986), etc. La importancia de Jos\u00e9 Antonio Maravall es tal que el historiador Miguel Batllori lo consider\u00f3 \u2013por su aportaci\u00f3n a la historia del pensamiento\u2013  como uno de los dos grandes innovadores, en el siglo XX, de la historia general de Espa\u00f1a, junto a Jaime Vicens Vives, opini\u00f3n compartida por historiadores de la categor\u00eda de John Elliott. Su inter\u00e9s por la historia no fue un mero deseo de erudici\u00f3n, sino de un inter\u00e9s vivo por conocer y comprender el mundo a trav\u00e9s de la investigaci\u00f3n objectiva, pero apasionada. Toda la vida profesional de Maravall transcurri\u00f3 fuera de Valencia, pero su pertenencia a su pa\u00eds de origen y a su ciudad natal no fue un simple hecho anecd\u00f3tico, sino, com el mismo dijo, una \u201cexperiencia vital\u201d, \u201celemento de destino\u201d que conform\u00f3 su personalidad. El amor a su tierra siempre estuvo presente en \u00e9l. As\u00ed, en 1985, poco antes de morir manifest\u00f3 una de las m\u00e1s bellas frases nunca dichas sobre nuestra ciudad: \u201cVivir en X\u00e0tiva era revivir el mito del centro del mundo\u201d. Ese mismo a\u00f1o remiti\u00f3 a nuestra Biblioteca Municipal diversos libros suyos en su deseo de que se guardara en ella memoria de su obra historiogr\u00e1fica. X\u00e0tiva recuerda y honra la memoria de este humanista moderno \u2014de trato amable y cort\u00e9s, e incansable activitad investigadora y docente\u2014 en la calle Acad\u00e9mico Maravall, que discurre entre la Bajada del Carmen y Gonzalo Vi\u00f1es. (Fotografia de Manuel Escalera, El Pa\u00eds, 13\/12\/2006)<\/p>\n","protected":false},"featured_media":1609,"menu_order":0,"template":"","meta":{"site-sidebar-layout":"default","site-content-layout":"default","ast-site-content-layout":"default","site-content-style":"default","site-sidebar-style":"default","ast-global-header-display":"","ast-banner-title-visibility":"","ast-main-header-display":"","ast-hfb-above-header-display":"","ast-hfb-below-header-display":"","ast-hfb-mobile-header-display":"","site-post-title":"","ast-breadcrumbs-content":"","ast-featured-img":"","footer-sml-layout":"","ast-disable-related-posts":"","theme-transparent-header-meta":"default","adv-header-id-meta":"","stick-header-meta":"default","header-above-stick-meta":"","header-main-stick-meta":"","header-below-stick-meta":"","astra-migrate-meta-layouts":"default","ast-page-background-enabled":"default","ast-page-background-meta":{"desktop":{"background-color":"var(--ast-global-color-4)","background-image":"","background-repeat":"repeat","background-position":"center center","background-size":"auto","background-attachment":"scroll","background-type":"","background-media":"","overlay-type":"","overlay-color":"","overlay-opacity":"","overlay-gradient":""},"tablet":{"background-color":"","background-image":"","background-repeat":"repeat","background-position":"center center","background-size":"auto","background-attachment":"scroll","background-type":"","background-media":"","overlay-type":"","overlay-color":"","overlay-opacity":"","overlay-gradient":""},"mobile":{"background-color":"","background-image":"","background-repeat":"repeat","background-position":"center center","background-size":"auto","background-attachment":"scroll","background-type":"","background-media":"","overlay-type":"","overlay-color":"","overlay-opacity":"","overlay-gradient":""}},"ast-content-background-meta":{"desktop":{"background-color":"var(--ast-global-color-5)","background-image":"","background-repeat":"repeat","background-position":"center center","background-size":"auto","background-attachment":"scroll","background-type":"","background-media":"","overlay-type":"","overlay-color":"","overlay-opacity":"","overlay-gradient":""},"tablet":{"background-color":"var(--ast-global-color-5)","background-image":"","background-repeat":"repeat","background-position":"center center","background-size":"auto","background-attachment":"scroll","background-type":"","background-media":"","overlay-type":"","overlay-color":"","overlay-opacity":"","overlay-gradient":""},"mobile":{"background-color":"var(--ast-global-color-5)","background-image":"","background-repeat":"repeat","background-position":"center center","background-size":"auto","background-attachment":"scroll","background-type":"","background-media":"","overlay-type":"","overlay-color":"","overlay-opacity":"","overlay-gradient":""}}},"class_list":["post-1457","biografias","type-biografias","status-publish","has-post-thumbnail","hentry"],"_links":{"self":[{"href":"https:\/\/biblioteca.xativa.es\/es\/wp-json\/wp\/v2\/biografias\/1457"}],"collection":[{"href":"https:\/\/biblioteca.xativa.es\/es\/wp-json\/wp\/v2\/biografias"}],"about":[{"href":"https:\/\/biblioteca.xativa.es\/es\/wp-json\/wp\/v2\/types\/biografias"}],"wp:featuredmedia":[{"embeddable":true,"href":"https:\/\/biblioteca.xativa.es\/es\/wp-json\/wp\/v2\/media\/1609"}],"wp:attachment":[{"href":"https:\/\/biblioteca.xativa.es\/es\/wp-json\/wp\/v2\/media?parent=1457"}],"curies":[{"name":"wp","href":"https:\/\/api.w.org\/{rel}","templated":true}]}}