{"id":1453,"date":"2021-10-04T12:49:42","date_gmt":"2021-10-04T12:49:42","guid":{"rendered":"https:\/\/desarrollo1.mibbo.es\/biografias\/bio-es-maluenda-tomas-1566-1628\/"},"modified":"2021-10-04T12:49:42","modified_gmt":"2021-10-04T12:49:42","slug":"bio-es-maluenda-tomas-1566-1628","status":"publish","type":"biografias","link":"https:\/\/biblioteca.xativa.es\/es\/biografies\/bio-es-maluenda-tomas-1566-1628\/","title":{"rendered":"MALUENDA, Tom\u00e1s (1566-1628)"},"content":{"rendered":"<p>Naci\u00f3 en X\u00e0tiva en mayo de 1566. Estudi\u00f3 gram\u00e1tica, l\u00f3gica y filosof\u00eda en la Universidad de Val\u00e8ncia. En 1582 tom\u00f3 el h\u00e1bito de dominico en el convento de Llombai, desde donde mantuvo contactos epistolarios con intelectuales de la \u00e9poca. Fue autor de refutaciones teol\u00f3gicas contra Calvino cuando s\u00f3lo ten\u00eda 22 a\u00f1os. A petici\u00f3n del cardenal C\u00e9sar Baronio fue llamado por el general de los dominicos, Jer\u00f3nimo Xavierre, a la Curia romana para continuar su obra de historia de la Iglesia \u2014Annales ecclesiasticis\u2014, traslad\u00e1ndose por tal motivo a Roma en 1601. All\u00ed contrajo \u00edntima amistad con el docto Isidoro Aliaga, a\u00f1os despu\u00e9s arzobispo de Val\u00e8ncia. Por encargo del papa Clemente VIII trabaj\u00f3 en la reforma del Misal y el Brevario, haci\u00e9ndose la primera impresi\u00f3n de la obra en Roma en 1603. En 1605, la Sagrada Congregaci\u00f3n del \u00cdndice le encarg\u00f3, junto con los doctos cardenales Baronio y Belarmino, que corrigiera los errores de los amanuenses y de la prensa, de la Biblioteca de los Santos Padres que Margarine de la Bigne, te\u00f3logo parisino, hab\u00eda publicado en Par\u00eds en el a\u00f1o 1589 en nueve grandes vol\u00famenes, encargo que cumpli\u00f3 con rigor y brevedad. En 1608, Isidoro Aliaga fue nombrado provincial de Arag\u00f3n y nombr\u00f3 a Maluenda vicario provincial suyo, motivo por el cual volvi\u00f3 a Espa\u00f1a. Por noviembre del referido a\u00f1o, Aliaga fue nombrado obispo de Albarrac\u00edn, y Maluenda se qued\u00f3 en el convento de Predicadores de Val\u00e8ncia, en el cual trabaj\u00f3 como historiador y profesor de Biblia. En 1610 tuvo que ir a Madrid llamado por Bernardo de Rojas \u2014inquisidor general, cardenal y arzobispo de Toledo\u2014 para examinar y confeccionar el \u00cdndice de libros prohibidos, que se public\u00f3 en Madrid el a\u00f1o 1612. Trasladado Aliaga al arzobispado de Val\u00e8ncia, lo nombr\u00f3 su consejero. En los \u00faltimos a\u00f1os de su vida inici\u00f3 una nueva versi\u00f3n en hebreo de la Biblia, obra que no lleg\u00f3 a terminar. La mayor\u00eda de sus manuscritos se conservan en la Biblioteca de la Universidad de Val\u00e8ncia. A parte de las obras mencionadas debemos destacar: De Anticristo libri IX (1604), Vida de San Pedro M\u00e1rtir (1613) y Comentarios a los cap\u00edtulos 2 y 3 del G\u00e9nesis, as\u00ed como su obra manuscrita Descripci\u00f3n de las antig\u00fcedades de X\u00e0tiva. Muri\u00f3 a los sesenta y tres a\u00f1os de edad en mayo de 1628.<\/p>\n","protected":false},"featured_media":1521,"menu_order":0,"template":"","meta":{"site-sidebar-layout":"default","site-content-layout":"default","ast-site-content-layout":"default","site-content-style":"default","site-sidebar-style":"default","ast-global-header-display":"","ast-banner-title-visibility":"","ast-main-header-display":"","ast-hfb-above-header-display":"","ast-hfb-below-header-display":"","ast-hfb-mobile-header-display":"","site-post-title":"","ast-breadcrumbs-content":"","ast-featured-img":"","footer-sml-layout":"","ast-disable-related-posts":"","theme-transparent-header-meta":"default","adv-header-id-meta":"","stick-header-meta":"default","header-above-stick-meta":"","header-main-stick-meta":"","header-below-stick-meta":"","astra-migrate-meta-layouts":"default","ast-page-background-enabled":"default","ast-page-background-meta":{"desktop":{"background-color":"var(--ast-global-color-4)","background-image":"","background-repeat":"repeat","background-position":"center center","background-size":"auto","background-attachment":"scroll","background-type":"","background-media":"","overlay-type":"","overlay-color":"","overlay-opacity":"","overlay-gradient":""},"tablet":{"background-color":"","background-image":"","background-repeat":"repeat","background-position":"center center","background-size":"auto","background-attachment":"scroll","background-type":"","background-media":"","overlay-type":"","overlay-color":"","overlay-opacity":"","overlay-gradient":""},"mobile":{"background-color":"","background-image":"","background-repeat":"repeat","background-position":"center center","background-size":"auto","background-attachment":"scroll","background-type":"","background-media":"","overlay-type":"","overlay-color":"","overlay-opacity":"","overlay-gradient":""}},"ast-content-background-meta":{"desktop":{"background-color":"var(--ast-global-color-5)","background-image":"","background-repeat":"repeat","background-position":"center center","background-size":"auto","background-attachment":"scroll","background-type":"","background-media":"","overlay-type":"","overlay-color":"","overlay-opacity":"","overlay-gradient":""},"tablet":{"background-color":"var(--ast-global-color-5)","background-image":"","background-repeat":"repeat","background-position":"center center","background-size":"auto","background-attachment":"scroll","background-type":"","background-media":"","overlay-type":"","overlay-color":"","overlay-opacity":"","overlay-gradient":""},"mobile":{"background-color":"var(--ast-global-color-5)","background-image":"","background-repeat":"repeat","background-position":"center center","background-size":"auto","background-attachment":"scroll","background-type":"","background-media":"","overlay-type":"","overlay-color":"","overlay-opacity":"","overlay-gradient":""}}},"class_list":["post-1453","biografias","type-biografias","status-publish","has-post-thumbnail","hentry"],"_links":{"self":[{"href":"https:\/\/biblioteca.xativa.es\/es\/wp-json\/wp\/v2\/biografias\/1453"}],"collection":[{"href":"https:\/\/biblioteca.xativa.es\/es\/wp-json\/wp\/v2\/biografias"}],"about":[{"href":"https:\/\/biblioteca.xativa.es\/es\/wp-json\/wp\/v2\/types\/biografias"}],"wp:featuredmedia":[{"embeddable":true,"href":"https:\/\/biblioteca.xativa.es\/es\/wp-json\/wp\/v2\/media\/1521"}],"wp:attachment":[{"href":"https:\/\/biblioteca.xativa.es\/es\/wp-json\/wp\/v2\/media?parent=1453"}],"curies":[{"name":"wp","href":"https:\/\/api.w.org\/{rel}","templated":true}]}}